{"id":6148,"date":"2020-01-02T12:04:29","date_gmt":"2020-01-02T12:04:29","guid":{"rendered":"http:\/\/theseapeople.org\/?page_id=6148"},"modified":"2023-03-04T12:10:17","modified_gmt":"2023-03-04T12:10:17","slug":"media","status":"publish","type":"page","link":"https:\/\/theseapeople.org\/media\/","title":{"rendered":"In The Media"},"content":{"rendered":"<p>[et_pb_section fb_built=&#8221;1&#8243; admin_label=&#8221;Language Flags &#038; Social Icons&#8221; _builder_version=&#8221;4.16&#8243; da_disable_devices=&#8221;off|off|off&#8221; saved_tabs=&#8221;all&#8221; global_colors_info=&#8221;{}&#8221; da_is_popup=&#8221;off&#8221; da_exit_intent=&#8221;off&#8221; da_has_close=&#8221;on&#8221; da_alt_close=&#8221;off&#8221; da_dark_close=&#8221;off&#8221; da_not_modal=&#8221;on&#8221; da_is_singular=&#8221;off&#8221; da_with_loader=&#8221;off&#8221; da_has_shadow=&#8221;on&#8221;][et_pb_row column_structure=&#8221;1_2,1_2&#8243; disabled_on=&#8221;on|on|off&#8221; admin_label=&#8221;Desktop&#8221; _builder_version=&#8221;4.16&#8243; custom_margin=&#8221;||-80px||false|false&#8221; global_colors_info=&#8221;{}&#8221;][et_pb_column type=&#8221;1_2&#8243; _builder_version=&#8221;4.16&#8243; global_colors_info=&#8221;{}&#8221;][et_pb_image src=&#8221;https:\/\/theseapeople.org\/wp-content\/uploads\/2020\/07\/flag-english.png&#8221; url=&#8221;https:\/\/theseapeople.org\/media&#8221; _builder_version=&#8221;4.16&#8243; custom_margin=&#8221;|||-70px|false|false&#8221; custom_margin_tablet=&#8221;0px|||-26px|false|false&#8221; custom_margin_phone=&#8221;&#8221; custom_margin_last_edited=&#8221;on|desktop&#8221; global_colors_info=&#8221;{}&#8221;][\/et_pb_image][et_pb_image src=&#8221;https:\/\/theseapeople.org\/wp-content\/uploads\/2020\/07\/flag-of-Indonesia.png&#8221; url=&#8221;https:\/\/oranglautpapua.org\/media\/&#8221; _builder_version=&#8221;4.16&#8243; custom_margin=&#8221;-61px||||false|false&#8221; custom_margin_tablet=&#8221;-64px|||44px|false|false&#8221; custom_margin_phone=&#8221;&#8221; custom_margin_last_edited=&#8221;on|phone&#8221; global_colors_info=&#8221;{}&#8221;][\/et_pb_image][et_pb_image src=&#8221;https:\/\/theseapeople.org\/wp-content\/uploads\/2020\/07\/flag-of-France-4.png&#8221; url=&#8221;https:\/\/theseapeople.fr\/dans-les-medias&#8221; _builder_version=&#8221;4.16&#8243; custom_margin=&#8221;-60px|||70px|false|false&#8221; custom_margin_tablet=&#8221;-64px|||44px|false|false&#8221; custom_margin_phone=&#8221;&#8221; custom_margin_last_edited=&#8221;on|phone&#8221; global_colors_info=&#8221;{}&#8221;][\/et_pb_image][\/et_pb_column][et_pb_column type=&#8221;1_2&#8243; _builder_version=&#8221;4.16&#8243; global_colors_info=&#8221;{}&#8221;][et_pb_social_media_follow admin_label=&#8221;Social Media Desktop&#8221; _builder_version=&#8221;4.17.4&#8243; _module_preset=&#8221;default&#8221; text_orientation=&#8221;right&#8221; global_module=&#8221;11521&#8243; global_colors_info=&#8221;{}&#8221;][et_pb_social_media_follow_network social_network=&#8221;facebook&#8221; url=&#8221;https:\/\/www.facebook.com\/theseapeopleoranglaut&#8221; _builder_version=&#8221;4.16&#8243; _module_preset=&#8221;default&#8221; background_color=&#8221;#3b5998&#8243; global_colors_info=&#8221;{}&#8221; follow_button=&#8221;off&#8221; url_new_window=&#8221;on&#8221;]facebook[\/et_pb_social_media_follow_network][et_pb_social_media_follow_network social_network=&#8221;instagram&#8221; url=&#8221;https:\/\/www.instagram.com\/the_seapeople_oranglaut\/&#8221; _builder_version=&#8221;4.17.4&#8243; _module_preset=&#8221;default&#8221; background_color=&#8221;#ea2c59&#8243; global_colors_info=&#8221;{}&#8221; follow_button=&#8221;off&#8221; url_new_window=&#8221;on&#8221;]instagram[\/et_pb_social_media_follow_network][et_pb_social_media_follow_network social_network=&#8221;youtube&#8221; url=&#8221;https:\/\/www.youtube.com\/channel\/UCHyetcTTmp_gEiz0poyOdMw&#8221; _builder_version=&#8221;4.16&#8243; _module_preset=&#8221;default&#8221; background_color=&#8221;#a82400&#8243; global_colors_info=&#8221;{}&#8221; follow_button=&#8221;off&#8221; url_new_window=&#8221;on&#8221;]youtube[\/et_pb_social_media_follow_network][\/et_pb_social_media_follow][\/et_pb_column][\/et_pb_row][et_pb_row column_structure=&#8221;1_2,1_2&#8243; disabled_on=&#8221;off|off|on&#8221; admin_label=&#8221;Mobile &#038; Tablet&#8221; _builder_version=&#8221;4.16&#8243; custom_margin_tablet=&#8221;||-135px||false|false&#8221; custom_margin_phone=&#8221;95px||||false|false&#8221; custom_margin_last_edited=&#8221;on|phone&#8221; global_colors_info=&#8221;{}&#8221;][et_pb_column type=&#8221;1_2&#8243; _builder_version=&#8221;4.16&#8243; global_colors_info=&#8221;{}&#8221;][et_pb_image src=&#8221;https:\/\/theseapeople.org\/wp-content\/uploads\/2020\/07\/flag-english-small.png&#8221; url=&#8221;https:\/\/theseapeople.org\/media&#8221; _builder_version=&#8221;4.16&#8243; custom_margin=&#8221;|||-70px|false|false&#8221; custom_margin_tablet=&#8221;0px|||-26px|false|false&#8221; custom_margin_phone=&#8221;-102px|||-14px|false|false&#8221; custom_margin_last_edited=&#8221;on|tablet&#8221; global_colors_info=&#8221;{}&#8221;][\/et_pb_image][et_pb_image src=&#8221;https:\/\/theseapeople.org\/wp-content\/uploads\/2020\/07\/flag-of-Indonesia-small.png&#8221; url=&#8221;https:\/\/oranglautpapua.org\/media\/&#8221; _builder_version=&#8221;4.16&#8243; custom_margin=&#8221;-62px||||false|false&#8221; custom_margin_tablet=&#8221;-54px|||27px|false|false&#8221; custom_margin_phone=&#8221;-55px|||38px|false|false&#8221; custom_margin_last_edited=&#8221;on|tablet&#8221; global_colors_info=&#8221;{}&#8221;][\/et_pb_image][et_pb_image src=&#8221;https:\/\/theseapeople.org\/wp-content\/uploads\/2020\/07\/flag-of-France-SMLL.png&#8221; url=&#8221;https:\/\/theseapeople.fr\/dans-les-medias&#8221; _builder_version=&#8221;4.16&#8243; custom_margin=&#8221;-62px||||false|false&#8221; custom_margin_tablet=&#8221;-54px|||81px|false|false&#8221; custom_margin_phone=&#8221;-54px|||90px|false|false&#8221; custom_margin_last_edited=&#8221;on|tablet&#8221; global_colors_info=&#8221;{}&#8221;][\/et_pb_image][et_pb_social_media_follow admin_label=&#8221;Social Media MB and Tablet&#8221; _builder_version=&#8221;4.17.4&#8243; _module_preset=&#8221;default&#8221; text_orientation=&#8221;right&#8221; custom_margin=&#8221;-57px||||false|false&#8221; custom_margin_tablet=&#8221;&#8221; custom_margin_phone=&#8221;-58px||||false|false&#8221; custom_margin_last_edited=&#8221;on|phone&#8221; global_module=&#8221;11525&#8243; global_colors_info=&#8221;{}&#8221;][et_pb_social_media_follow_network social_network=&#8221;facebook&#8221; url=&#8221;https:\/\/www.facebook.com\/theseapeopleoranglaut&#8221; _builder_version=&#8221;4.16&#8243; _module_preset=&#8221;default&#8221; background_color=&#8221;#3b5998&#8243; global_colors_info=&#8221;{}&#8221; follow_button=&#8221;off&#8221; url_new_window=&#8221;on&#8221;]facebook[\/et_pb_social_media_follow_network][et_pb_social_media_follow_network social_network=&#8221;instagram&#8221; url=&#8221;https:\/\/www.instagram.com\/the_seapeople_oranglaut\/&#8221; _builder_version=&#8221;4.17.4&#8243; _module_preset=&#8221;default&#8221; background_color=&#8221;#ea2c59&#8243; global_colors_info=&#8221;{}&#8221; follow_button=&#8221;off&#8221; url_new_window=&#8221;on&#8221;]instagram[\/et_pb_social_media_follow_network][et_pb_social_media_follow_network social_network=&#8221;youtube&#8221; url=&#8221;https:\/\/www.youtube.com\/channel\/UCHyetcTTmp_gEiz0poyOdMw&#8221; _builder_version=&#8221;4.16&#8243; _module_preset=&#8221;default&#8221; background_color=&#8221;#a82400&#8243; global_colors_info=&#8221;{}&#8221; follow_button=&#8221;off&#8221; url_new_window=&#8221;on&#8221;]youtube[\/et_pb_social_media_follow_network][\/et_pb_social_media_follow][\/et_pb_column][et_pb_column type=&#8221;1_2&#8243; _builder_version=&#8221;4.16&#8243; global_colors_info=&#8221;{}&#8221;][\/et_pb_column][\/et_pb_row][\/et_pb_section][et_pb_section fb_built=&#8221;1&#8243; admin_label=&#8221;COTS in Raja Ampat Section&#8221; _builder_version=&#8221;4.16&#8243; custom_padding=&#8221;||30px||false|false&#8221; da_disable_devices=&#8221;off|off|off&#8221; global_colors_info=&#8221;{}&#8221; da_is_popup=&#8221;off&#8221; da_exit_intent=&#8221;off&#8221; da_has_close=&#8221;on&#8221; da_alt_close=&#8221;off&#8221; da_dark_close=&#8221;off&#8221; da_not_modal=&#8221;on&#8221; da_is_singular=&#8221;off&#8221; da_with_loader=&#8221;off&#8221; da_has_shadow=&#8221;on&#8221;][et_pb_row admin_label=&#8221;COTS in Raja Ampat Row&#8221; _builder_version=&#8221;4.16&#8243; custom_margin=&#8221;||-31px||false|false&#8221; global_colors_info=&#8221;{}&#8221;][et_pb_column type=&#8221;4_4&#8243; _builder_version=&#8221;4.16&#8243; global_colors_info=&#8221;{}&#8221;][et_pb_text admin_label=&#8221;COTS in Raja Ampat&#8221; _builder_version=&#8221;4.16&#8243; header_font=&#8221;Lora|700|||||||&#8221; header_text_align=&#8221;center&#8221; header_text_color=&#8221;#333333&#8243; header_font_size=&#8221;50px&#8221; header_2_font=&#8221;Lora|700|||||||&#8221; header_2_font_size=&#8221;50px&#8221; header_3_font=&#8221;Lora|700|||||||&#8221; header_3_font_size=&#8221;34px&#8221; header_4_font=&#8221;Lora|700|||||||&#8221; header_4_font_size=&#8221;28px&#8221; global_colors_info=&#8221;{}&#8221;]<\/p>\n<h2 style=\"text-align: center;\">The SEA People<\/h2>\n<h4 style=\"text-align: center;\">in the Media<\/h4>\n<p>[\/et_pb_text][\/et_pb_column][\/et_pb_row][et_pb_row column_structure=&#8221;1_2,1_2&#8243; _builder_version=&#8221;4.16&#8243; global_colors_info=&#8221;{}&#8221;][et_pb_column type=&#8221;1_2&#8243; _builder_version=&#8221;4.16&#8243; global_colors_info=&#8221;{}&#8221;][et_pb_video src=&#8221;https:\/\/www.youtube.com\/watch?v=ljqPTYhTIYw&#8221; _builder_version=&#8221;4.16&#8243; _module_preset=&#8221;default&#8221; global_colors_info=&#8221;{}&#8221;][\/et_pb_video][\/et_pb_column][et_pb_column type=&#8221;1_2&#8243; _builder_version=&#8221;4.16&#8243; global_colors_info=&#8221;{}&#8221;][et_pb_text _builder_version=&#8221;4.16&#8243; text_font=&#8221;Open Sans||||||||&#8221; text_text_color=&#8221;#666666&#8243; text_font_size=&#8221;16px&#8221; text_line_height=&#8221;1.8em&#8221; header_2_font=&#8221;Lora|700|||||||&#8221; header_2_font_size=&#8221;28px&#8221; custom_margin=&#8221;||||false|false&#8221; custom_margin_tablet=&#8221;0px||80px||false|false&#8221; custom_margin_phone=&#8221;&#8221; custom_margin_last_edited=&#8221;on|tablet&#8221; global_colors_info=&#8221;{}&#8221;]<\/p>\n<div class=\"text_exposed_show\">\n<h2>SEA Today Morning Show (Indonesia):\u00a0 Arno and Tom discuss Yaf Keru.<\/h2>\n<p>March 23, 2022.<\/p>\n<p class=\"p1\"><span class=\"s1\"> Yayasan Orang Laut Papua was featured on SEA Today &#8211; <\/span><span class=\"s2\">an Indonesian news television channel targeting Southeast Asian and international audience. Tom and Arno talk about Raja Ampat and our Yaf Keru reef restoration project, with hosts Marissa Anita and <\/span><span class=\"s3\">Paul Palele.\u00a0<\/span><a href=\"https:\/\/www.youtube.com\/watch?v=ljqPTYhTIYw\" target=\"_blank\" rel=\"noopener\"><\/a><\/p>\n<p class=\"p1\"><span class=\"s3\"><\/span><\/p>\n<\/div>\n<p>[\/et_pb_text][\/et_pb_column][\/et_pb_row][et_pb_row column_structure=&#8221;1_2,1_2&#8243; _builder_version=&#8221;4.16&#8243; global_colors_info=&#8221;{}&#8221;][et_pb_column type=&#8221;1_2&#8243; _builder_version=&#8221;4.16&#8243; global_colors_info=&#8221;{}&#8221;][et_pb_video src=&#8221;https:\/\/youtu.be\/UnEt1Ggrfps&#8221; _builder_version=&#8221;4.16&#8243; _module_preset=&#8221;default&#8221; global_colors_info=&#8221;{}&#8221;][\/et_pb_video][\/et_pb_column][et_pb_column type=&#8221;1_2&#8243; _builder_version=&#8221;4.16&#8243; global_colors_info=&#8221;{}&#8221;][et_pb_text _builder_version=&#8221;4.16&#8243; text_font=&#8221;Open Sans||||||||&#8221; text_text_color=&#8221;#666666&#8243; text_font_size=&#8221;16px&#8221; text_line_height=&#8221;1.8em&#8221; header_2_font=&#8221;Lora|700|||||||&#8221; header_2_font_size=&#8221;28px&#8221; custom_margin=&#8221;||||false|false&#8221; custom_margin_tablet=&#8221;0px||80px||false|false&#8221; custom_margin_phone=&#8221;&#8221; custom_margin_last_edited=&#8221;on|tablet&#8221; global_colors_info=&#8221;{}&#8221;]<\/p>\n<div class=\"text_exposed_show\">\n<h2>Sapa Indonesia Malam (Kompas TV Indonesia):\u00a0 Arno and Zadrak discuss Yaf Keru<\/h2>\n<p>March 13, 2022.<\/p>\n<p class=\"p1\"><span>Host Sofie Syarief interviews Arno and Zadrak about the state of reefs in Raja Ampat, causes of degradation and how Yaf Keru is helping to address degradation and offer protection through community based reef restoration.<\/span><\/p>\n<p class=\"p1\"><span>\u00a0<\/span><a href=\"https:\/\/youtu.be\/UnEt1Ggrfps\" target=\"_blank\" rel=\"noopener\"><\/a><\/p>\n<\/div>\n<p>[\/et_pb_text][\/et_pb_column][\/et_pb_row][et_pb_row column_structure=&#8221;1_2,1_2&#8243; _builder_version=&#8221;4.16&#8243; global_colors_info=&#8221;{}&#8221;][et_pb_column type=&#8221;1_2&#8243; _builder_version=&#8221;4.16&#8243; global_colors_info=&#8221;{}&#8221;][et_pb_image src=&#8221;https:\/\/theseapeople.org\/wp-content\/uploads\/2022\/03\/Expedisi-Tanah-Papua-Cover.jpg&#8221; title_text=&#8221;Expedisi Tanah Papua Yayasan Orang Laut Papua Media Article&#8221; align_tablet=&#8221;center&#8221; align_phone=&#8221;&#8221; align_last_edited=&#8221;on|tablet&#8221; _builder_version=&#8221;4.16&#8243; border_width_all=&#8221;1px&#8221; border_color_all=&#8221;#0C71C3&#8243; global_colors_info=&#8221;{}&#8221;][\/et_pb_image][\/et_pb_column][et_pb_column type=&#8221;1_2&#8243; _builder_version=&#8221;4.16&#8243; global_colors_info=&#8221;{}&#8221;][et_pb_text _builder_version=&#8221;4.16&#8243; text_font=&#8221;Open Sans||||||||&#8221; text_text_color=&#8221;#666666&#8243; text_font_size=&#8221;16px&#8221; text_line_height=&#8221;1.8em&#8221; header_2_font=&#8221;Lora|700|||||||&#8221; header_2_font_size=&#8221;28px&#8221; custom_margin=&#8221;||||false|false&#8221; custom_margin_tablet=&#8221;0px||80px||false|false&#8221; custom_margin_phone=&#8221;&#8221; custom_margin_last_edited=&#8221;on|tablet&#8221; global_colors_info=&#8221;{}&#8221;]<\/p>\n<div class=\"text_exposed_show\">\n<h2>Expedition Papua: Arnaud Brival, Connected to Raja Ampat&#8217;s reefs<\/h2>\n<p>March 5, 2022.<\/p>\n<p class=\"p1\"><span>An article about Co-Founder Arno Brival and Yaf Keru Reef restoration, in &#8216;Expedisi Tanah Papua&#8217;; a<\/span><span class=\"Y2IQFc\" lang=\"en\"> online journalistic journey to take a closer look at the relationship between the indigenous Papuan people and nature, both the forest and the sea, which has supported the lives and livelihoods for generations.<\/span><\/p>\n<p><a href=\"https:\/\/jelajah.kompas.id\/ekspedisi-tanah-papua-2021\/baca\/arnaud-brival-tertambat-karang-raja-ampat\/?utm_source=medsos_facebook&amp;utm_medium=card&amp;fbclid=IwAR3RIBoe6gLxpJHMTuGKRPxUSpS36-KuFP5K4cSubI5cv01z4Wg5kytPmck\" target=\"_blank\" rel=\"noopener\">Click Here to read\u00a0<\/a><\/p>\n<\/div>\n<p>[\/et_pb_text][\/et_pb_column][\/et_pb_row][et_pb_row column_structure=&#8221;1_2,1_2&#8243; _builder_version=&#8221;4.16&#8243; global_colors_info=&#8221;{}&#8221;][et_pb_column type=&#8221;1_2&#8243; _builder_version=&#8221;4.16&#8243; global_colors_info=&#8221;{}&#8221;][et_pb_image src=&#8221;https:\/\/theseapeople.org\/wp-content\/uploads\/2021\/07\/Eco-Business.jpg&#8221; title_text=&#8221;Eco-Business&#8221; align_tablet=&#8221;center&#8221; align_phone=&#8221;&#8221; align_last_edited=&#8221;on|tablet&#8221; _builder_version=&#8221;4.16&#8243; border_width_all=&#8221;1px&#8221; border_color_all=&#8221;#0C71C3&#8243; global_colors_info=&#8221;{}&#8221;][\/et_pb_image][\/et_pb_column][et_pb_column type=&#8221;1_2&#8243; _builder_version=&#8221;4.16&#8243; global_colors_info=&#8221;{}&#8221;][et_pb_text _builder_version=&#8221;4.16&#8243; text_font=&#8221;Open Sans||||||||&#8221; text_text_color=&#8221;#666666&#8243; text_font_size=&#8221;16px&#8221; text_line_height=&#8221;1.8em&#8221; header_2_font=&#8221;Lora|700|||||||&#8221; header_2_font_size=&#8221;28px&#8221; custom_margin=&#8221;||||false|false&#8221; custom_margin_tablet=&#8221;0px||80px||false|false&#8221; custom_margin_phone=&#8221;&#8221; custom_margin_last_edited=&#8221;on|tablet&#8221; global_colors_info=&#8221;{}&#8221;]<\/p>\n<div class=\"text_exposed_show\">\n<h2>&#8220;From AI-enabled devices to low cost monitoring systems: How technology can save our seas&#8221;. Eco Business, Singapore\/Global<\/h2>\n<p>July 8, 2021.<\/p>\n<p class=\"p1\"><span>An article in Eco Business discussing <\/span>the latest innovations being deployed to conserve protected areas of the ocean. SEA Tracker<span> was featured as a tecnical innovation for MPA managment.\u00a0<\/span><\/p>\n<p><a href=\"https:\/\/www.eco-business.com\/news\/from-ai-enabled-devices-to-low-cost-monitoring-systems-how-technology-can-save-our-seas\/?fbclid=IwAR2qAZlYLr88u3JQzGqWVUs1yolwwv9hLNVguDNaZOBSrsdC-8G4clsedPk\" target=\"_blank\" rel=\"noopener\">Click Here to read\u00a0<\/a><\/p>\n<\/div>\n<p>[\/et_pb_text][\/et_pb_column][\/et_pb_row][et_pb_row column_structure=&#8221;1_2,1_2&#8243; _builder_version=&#8221;4.16&#8243; global_colors_info=&#8221;{}&#8221;][et_pb_column type=&#8221;1_2&#8243; _builder_version=&#8221;4.16&#8243; global_colors_info=&#8221;{}&#8221;][et_pb_image src=&#8221;https:\/\/theseapeople.org\/wp-content\/uploads\/2021\/07\/Screen-Shot-2021-07-12-at-12.54.41-PM..jpg&#8221; title_text=&#8221;Screen Shot 2021-07-12 at 12.54.41 PM.&#8221; align_tablet=&#8221;center&#8221; align_phone=&#8221;&#8221; align_last_edited=&#8221;on|tablet&#8221; _builder_version=&#8221;4.16&#8243; border_width_all=&#8221;1px&#8221; border_color_all=&#8221;#0C71C3&#8243; global_colors_info=&#8221;{}&#8221;][\/et_pb_image][\/et_pb_column][et_pb_column type=&#8221;1_2&#8243; _builder_version=&#8221;4.16&#8243; global_colors_info=&#8221;{}&#8221;][et_pb_text _builder_version=&#8221;4.16&#8243; text_font=&#8221;Open Sans||||||||&#8221; text_text_color=&#8221;#666666&#8243; text_font_size=&#8221;16px&#8221; text_line_height=&#8221;1.8em&#8221; header_2_font=&#8221;Lora|700|||||||&#8221; header_2_font_size=&#8221;28px&#8221; custom_margin=&#8221;55px||||false|false&#8221; custom_margin_tablet=&#8221;0px||80px||false|false&#8221; custom_margin_phone=&#8221;&#8221; custom_margin_last_edited=&#8221;on|tablet&#8221; global_colors_info=&#8221;{}&#8221;]<\/p>\n<div class=\"text_exposed_show\">\n<h2><span>Ocean of Solutions, The Ocean &amp; Climate Platform, France\/Global<\/span><\/h2>\n<p>June 7, 2021.<\/p>\n<p class=\"p1\"><span>A report compiling various marine conservation projects from around the world that tackle climate change and biodiversity loss.\u00a0 Our Yaf Keru Reef Restoration project was included amongths the solutions, see page 22 of the report.<\/p>\n<p><\/span><a href=\"https:\/\/ocean-climate.org\/wp-content\/uploads\/2021\/06\/Ocean-solutions-report.pdf\" target=\"_blank\" rel=\"noopener\">Click Here to read\u00a0<\/a><\/p>\n<\/div>\n<p>[\/et_pb_text][\/et_pb_column][\/et_pb_row][et_pb_row column_structure=&#8221;1_2,1_2&#8243; _builder_version=&#8221;4.16&#8243; global_colors_info=&#8221;{}&#8221;][et_pb_column type=&#8221;1_2&#8243; _builder_version=&#8221;4.16&#8243; global_colors_info=&#8221;{}&#8221;][et_pb_image src=&#8221;https:\/\/theseapeople.org\/wp-content\/uploads\/2020\/10\/Gabriel-Barathieu_Yaf-Keru.jpg&#8221; align_tablet=&#8221;center&#8221; align_phone=&#8221;&#8221; align_last_edited=&#8221;on|tablet&#8221; _builder_version=&#8221;4.16&#8243; global_colors_info=&#8221;{}&#8221;][\/et_pb_image][\/et_pb_column][et_pb_column type=&#8221;1_2&#8243; _builder_version=&#8221;4.16&#8243; global_colors_info=&#8221;{}&#8221;][et_pb_text _builder_version=&#8221;4.16&#8243; text_font=&#8221;Open Sans||||||||&#8221; text_text_color=&#8221;#666666&#8243; text_font_size=&#8221;16px&#8221; text_line_height=&#8221;1.8em&#8221; header_2_font=&#8221;Lora|700|||||||&#8221; header_2_font_size=&#8221;28px&#8221; custom_margin=&#8221;55px||||false|false&#8221; custom_margin_tablet=&#8221;0px||80px||false|false&#8221; custom_margin_phone=&#8221;&#8221; custom_margin_last_edited=&#8221;on|tablet&#8221; global_colors_info=&#8221;{}&#8221;]<\/p>\n<div class=\"text_exposed_show\">\n<h2><span>Podcast with Scuba People, France<\/span><\/h2>\n<p>September 29, 2020.<\/p>\n<p class=\"p1\"><span> Listen to the podcast from Scuba People where Christophe Chellapermal interviews our co-founder Arno on our projects in Raja Ampat, along with talented French underwater photographer, Gabriel Barathieu.<\/span><\/p>\n<p class=\"p1\"><a href=\"https:\/\/scuba-people.com\/adventure-diary\/podcast-gestion-de-lenvironnement\/?fbclid=IwAR0CoDTvBt7SBmyNUxH2Y1t1oOocZb1puzdfO5ywOij5saDqO0RbrX4hXV4\" title=\"https:\/\/scuba-people.com\/adventure-diary\/podcast-gestion-de-lenvironnement\/?fbclid=IwAR0CoDTvBt7SBmyNUxH2Y1t1oOocZb1puzdfO5ywOij5saDqO0RbrX4hXV4\"><span class=\"s1\">Click Here to listen<\/span><\/a><\/p>\n<\/div>\n<p>[\/et_pb_text][\/et_pb_column][\/et_pb_row][et_pb_row column_structure=&#8221;1_2,1_2&#8243; _builder_version=&#8221;4.16&#8243; global_colors_info=&#8221;{}&#8221;][et_pb_column type=&#8221;1_2&#8243; _builder_version=&#8221;4.16&#8243; global_colors_info=&#8221;{}&#8221;][et_pb_image src=&#8221;https:\/\/theseapeople.org\/wp-content\/uploads\/2020\/09\/EDA-Dive-Assocation-Magazine-.jpg&#8221; align_tablet=&#8221;center&#8221; align_phone=&#8221;&#8221; align_last_edited=&#8221;on|tablet&#8221; _builder_version=&#8221;4.16&#8243; global_colors_info=&#8221;{}&#8221;][\/et_pb_image][\/et_pb_column][et_pb_column type=&#8221;1_2&#8243; _builder_version=&#8221;4.16&#8243; global_colors_info=&#8221;{}&#8221;][et_pb_text _builder_version=&#8221;4.16&#8243; text_font=&#8221;Open Sans||||||||&#8221; text_text_color=&#8221;#666666&#8243; text_font_size=&#8221;16px&#8221; text_line_height=&#8221;1.8em&#8221; header_2_font=&#8221;Lora|700|||||||&#8221; header_2_font_size=&#8221;28px&#8221; custom_margin=&#8221;55px||||false|false&#8221; custom_margin_tablet=&#8221;0px||80px||false|false&#8221; custom_margin_phone=&#8221;&#8221; custom_margin_last_edited=&#8221;on|tablet&#8221; global_colors_info=&#8221;{}&#8221;]<\/p>\n<div class=\"text_exposed_show\">\n<h2><span>Divers For The Environment Magazine, Dubai,\u00a0 UAE\u00a0<\/span><\/h2>\n<p>September 1, 2020.<\/p>\n<p class=\"p1\"><span class=\"s1\">A feature in the September issue of \u201cDivers For the Environment\u201d, the quarterly magazine from Emirates Diving association.<\/span><\/p>\n<p class=\"p1\"><span class=\"s1\"><a href=\"https:\/\/issuu.com\/allylandes\/docs\/eda_september_issue_2020\/48?mc_cid=39c083d9ca&amp;mc_eid=6a8f1fb44a\" title=\"https:\/\/issuu.com\/allylandes\/docs\/eda_september_issue_2020\/48?mc_cid=39c083d9ca&amp;mc_eid=6a8f1fb44a\">Click Here to read article<\/a>\u00a0<\/span><\/p>\n<\/div>\n<p>[\/et_pb_text][\/et_pb_column][\/et_pb_row][et_pb_row column_structure=&#8221;1_2,1_2&#8243; _builder_version=&#8221;4.16&#8243; global_colors_info=&#8221;{}&#8221;][et_pb_column type=&#8221;1_2&#8243; _builder_version=&#8221;4.16&#8243; global_colors_info=&#8221;{}&#8221;][et_pb_image src=&#8221;https:\/\/theseapeople.org\/wp-content\/uploads\/2020\/08\/Scuba-People-Article-18.08.2020.jpg&#8221; align_tablet=&#8221;center&#8221; align_phone=&#8221;&#8221; align_last_edited=&#8221;on|tablet&#8221; _builder_version=&#8221;4.16&#8243; global_colors_info=&#8221;{}&#8221;][\/et_pb_image][\/et_pb_column][et_pb_column type=&#8221;1_2&#8243; _builder_version=&#8221;4.16&#8243; global_colors_info=&#8221;{}&#8221;][et_pb_text _builder_version=&#8221;4.16&#8243; text_font=&#8221;Open Sans||||||||&#8221; text_text_color=&#8221;#666666&#8243; text_font_size=&#8221;16px&#8221; text_line_height=&#8221;1.8em&#8221; header_2_font=&#8221;Lora|700|||||||&#8221; header_2_font_size=&#8221;28px&#8221; custom_margin=&#8221;55px||||false|false&#8221; custom_margin_tablet=&#8221;0px||80px||false|false&#8221; custom_margin_phone=&#8221;&#8221; custom_margin_last_edited=&#8221;on|tablet&#8221; global_colors_info=&#8221;{}&#8221;]<\/p>\n<div class=\"text_exposed_show\">\n<h2><span>Scuba People magazine, France<\/span><\/h2>\n<p>August 18, 2020.<br \/> An article from France&#8217;s leading online dive magazine Scuba People, discussing our work in Raja Ampat.<span lang=\"en\"><\/span><\/p>\n<p><a href=\"https:\/\/scuba-people.com\/en\/banner\/the-sea-people-une-jeune-ong-prometteuse\/?fbclid=IwAR3RnkNdxwCumA0hq528EtkEOkjeIyjbTXsoc8I1gOC9joiKjhtgjZGCKr8\">Click Here to read article\u00a0<\/a><span class=\"s1\"><\/span><\/p>\n<\/div>\n<p>[\/et_pb_text][\/et_pb_column][\/et_pb_row][et_pb_row column_structure=&#8221;1_2,1_2&#8243; _builder_version=&#8221;4.16&#8243; global_colors_info=&#8221;{}&#8221;][et_pb_column type=&#8221;1_2&#8243; _builder_version=&#8221;4.16&#8243; global_colors_info=&#8221;{}&#8221;][et_pb_image src=&#8221;https:\/\/theseapeople.org\/wp-content\/uploads\/2020\/08\/paul-gerbaud-membre-de-l-ong-the-sea-people-a-cree-une_5262650_676x459p.jpg&#8221; align_tablet=&#8221;center&#8221; align_phone=&#8221;&#8221; align_last_edited=&#8221;on|tablet&#8221; _builder_version=&#8221;4.16&#8243; global_colors_info=&#8221;{}&#8221;][\/et_pb_image][\/et_pb_column][et_pb_column type=&#8221;1_2&#8243; _builder_version=&#8221;4.16&#8243; global_colors_info=&#8221;{}&#8221;][et_pb_text _builder_version=&#8221;4.16&#8243; text_font=&#8221;Open Sans||||||||&#8221; text_text_color=&#8221;#666666&#8243; text_font_size=&#8221;16px&#8221; text_line_height=&#8221;1.8em&#8221; header_2_font=&#8221;Lora|700|||||||&#8221; header_2_font_size=&#8221;28px&#8221; custom_margin=&#8221;55px||||false|false&#8221; custom_margin_tablet=&#8221;0px||80px||false|false&#8221; custom_margin_phone=&#8221;&#8221; custom_margin_last_edited=&#8221;on|tablet&#8221; global_colors_info=&#8221;{}&#8221;]<\/p>\n<div class=\"text_exposed_show\">\n<h2><span>The Telegram, Brest, France<\/span><\/h2>\n<p>August 15, 2020.<br \/> An interview with Paul Gerbeaud about his ongoing work with The SEA People\u00a0<span lang=\"en\"><\/span><\/p>\n<p><a href=\"https:\/\/www.letelegramme.fr\/finistere\/brest\/a-brest-paul-gerbaud-s-investit-dans-la-protection-des-milieux-marins-de-papouasie-15-08-2020-12598801.php?fbclid=IwAR1Ga4EIbQCvdxuFKqdS7T-17U9wsckg9rLxly3kNhOZodimDJttWnyQPdU\">Click Here to read article\u00a0<\/a><span class=\"s1\"><\/span><\/p>\n<\/div>\n<p>[\/et_pb_text][\/et_pb_column][\/et_pb_row][et_pb_row column_structure=&#8221;1_2,1_2&#8243; _builder_version=&#8221;4.16&#8243; global_colors_info=&#8221;{}&#8221;][et_pb_column type=&#8221;1_2&#8243; _builder_version=&#8221;4.16&#8243; global_colors_info=&#8221;{}&#8221;][et_pb_image src=&#8221;https:\/\/theseapeople.org\/wp-content\/uploads\/2020\/08\/Yaf-Keru-Yenbuba-InfoPublik.png&#8221; align_tablet=&#8221;center&#8221; align_phone=&#8221;&#8221; align_last_edited=&#8221;on|tablet&#8221; _builder_version=&#8221;4.16&#8243; global_colors_info=&#8221;{}&#8221;][\/et_pb_image][\/et_pb_column][et_pb_column type=&#8221;1_2&#8243; _builder_version=&#8221;4.16&#8243; global_colors_info=&#8221;{}&#8221;][et_pb_text _builder_version=&#8221;4.16&#8243; text_font=&#8221;Open Sans||||||||&#8221; text_text_color=&#8221;#666666&#8243; text_font_size=&#8221;16px&#8221; text_line_height=&#8221;1.8em&#8221; header_2_font=&#8221;Lora|700|||||||&#8221; header_2_font_size=&#8221;28px&#8221; custom_margin=&#8221;55px||||false|false&#8221; custom_margin_tablet=&#8221;0px||80px||false|false&#8221; custom_margin_phone=&#8221;&#8221; custom_margin_last_edited=&#8221;on|tablet&#8221; global_colors_info=&#8221;{}&#8221;]<\/p>\n<div class=\"text_exposed_show\">\n<h2><span>Indonesia Maju<\/span><\/h2>\n<p>August 11, 2020.<br \/> An article in Indonesian publication about Yaf Keru &#8211; Yenbuba Village. Reef restoration in Raja Ampat.<span>\u00a0<\/span><\/p>\n<p><a href=\"http:\/\/infopublik.id\/kategori\/nusantara\/473720\/pemuda-kampung-yenbuba-raja-ampat-transplantasi-terumbu-karang?fbclid=IwAR0sWnyFrxlgMrCS3-v2x6VmPJqT9sWhFlmjsa-stgCzphFAq8g88Y1UdOQ#\">Click Here to read article\u00a0<\/a><span class=\"s1\"><\/span><\/p>\n<\/div>\n<p>[\/et_pb_text][\/et_pb_column][\/et_pb_row][et_pb_row column_structure=&#8221;1_2,1_2&#8243; _builder_version=&#8221;4.16&#8243; global_colors_info=&#8221;{}&#8221;][et_pb_column type=&#8221;1_2&#8243; _builder_version=&#8221;4.16&#8243; global_colors_info=&#8221;{}&#8221;][et_pb_image src=&#8221;https:\/\/theseapeople.org\/wp-content\/uploads\/2020\/08\/Nice-Matin-Journal-August-3-2020-500px.jpg&#8221; align_tablet=&#8221;center&#8221; align_phone=&#8221;&#8221; align_last_edited=&#8221;on|tablet&#8221; _builder_version=&#8221;4.16&#8243; global_colors_info=&#8221;{}&#8221;][\/et_pb_image][\/et_pb_column][et_pb_column type=&#8221;1_2&#8243; _builder_version=&#8221;4.16&#8243; global_colors_info=&#8221;{}&#8221;][et_pb_text _builder_version=&#8221;4.16&#8243; text_font=&#8221;Open Sans||||||||&#8221; text_text_color=&#8221;#666666&#8243; text_font_size=&#8221;16px&#8221; text_line_height=&#8221;1.8em&#8221; header_2_font=&#8221;Lora|700|||||||&#8221; header_2_font_size=&#8221;28px&#8221; custom_margin=&#8221;55px||||false|false&#8221; custom_margin_tablet=&#8221;0px||80px||false|false&#8221; custom_margin_phone=&#8221;&#8221; custom_margin_last_edited=&#8221;on|tablet&#8221; global_colors_info=&#8221;{}&#8221;]<\/p>\n<div class=\"text_exposed_show\">\n<h2><span>Nice-Matin, France<\/span><\/h2>\n<p>August 3, 2020.<br \/> And article about our work in &#8216;<span>Nice-Matin&#8217;,\u00a0 a regional daily French newspaper\u00a0 covering the Nice and Provence-Alpes-C\u00f4te d&#8217;Azur region.\u00a0<\/span><\/p>\n<p><a href=\"https:\/\/theseapeople.org\/wp-content\/uploads\/2020\/08\/Nice-Matin-Journal-August-3-2020-scaled.jpg\">Click Here to read article\u00a0<\/a><span class=\"s1\"><\/span><\/p>\n<\/div>\n<p>[\/et_pb_text][\/et_pb_column][\/et_pb_row][et_pb_row column_structure=&#8221;1_2,1_2&#8243; _builder_version=&#8221;4.16&#8243; custom_margin_tablet=&#8221;-117px||||false|false&#8221; custom_margin_phone=&#8221;&#8221; custom_margin_last_edited=&#8221;on|tablet&#8221; custom_padding=&#8221;||0px||false|false&#8221; global_colors_info=&#8221;{}&#8221;][et_pb_column type=&#8221;1_2&#8243; _builder_version=&#8221;4.16&#8243; global_colors_info=&#8221;{}&#8221;][et_pb_video src=&#8221;https:\/\/youtu.be\/-5FvvnQ8mcw&#8221; _builder_version=&#8221;4.16&#8243; custom_margin=&#8221;42px||||false|false&#8221; global_colors_info=&#8221;{}&#8221;][\/et_pb_video][\/et_pb_column][et_pb_column type=&#8221;1_2&#8243; _builder_version=&#8221;4.16&#8243; global_colors_info=&#8221;{}&#8221;][et_pb_text _builder_version=&#8221;4.16&#8243; text_font=&#8221;Open Sans||||||||&#8221; text_text_color=&#8221;#666666&#8243; text_font_size=&#8221;16px&#8221; text_line_height=&#8221;1.8em&#8221; header_2_font=&#8221;Lora|700|||||||&#8221; header_2_font_size=&#8221;28px&#8221; custom_margin=&#8221;55px||||false|false&#8221; global_colors_info=&#8221;{}&#8221;]<\/p>\n<div class=\"text_exposed_show\">\n<p class=\"p1\"><span class=\"s1\"><\/span><\/p>\n<\/div>\n<p>[\/et_pb_text][et_pb_text _builder_version=&#8221;4.16&#8243; text_font=&#8221;Open Sans||||||||&#8221; text_text_color=&#8221;#666666&#8243; text_font_size=&#8221;16px&#8221; text_line_height=&#8221;1.8em&#8221; header_2_font=&#8221;Lora|700|||||||&#8221; header_2_font_size=&#8221;28px&#8221; custom_margin=&#8221;55px||||false|false&#8221; custom_margin_tablet=&#8221;-60px||80px||false|false&#8221; custom_margin_phone=&#8221;&#8221; custom_margin_last_edited=&#8221;on|tablet&#8221; global_colors_info=&#8221;{}&#8221;]<\/p>\n<div class=\"text_exposed_show\">\n<h2><span>Sept a Huit &#8211; TF1 France<\/span><\/h2>\n<p>The SEA People features in Sept a Huit (France), national news and current affairs program aired weekly to a national audience on TF1.\u00a0 From minute 23.02 onwards.<br \/> <span class=\"s1\"><a href=\"https:\/\/youtu.be\/-5FvvnQ8mcw\">Click Here For Interview<\/a><\/span><\/p>\n<\/div>\n<p>[\/et_pb_text][\/et_pb_column][\/et_pb_row][et_pb_row column_structure=&#8221;1_2,1_2&#8243; _builder_version=&#8221;4.16&#8243; custom_margin=&#8221;54px||||false|false&#8221; custom_margin_tablet=&#8221;-117px||||false|false&#8221; custom_margin_phone=&#8221;&#8221; custom_margin_last_edited=&#8221;on|tablet&#8221; custom_padding=&#8221;||0px||false|false&#8221; global_colors_info=&#8221;{}&#8221;][et_pb_column type=&#8221;1_2&#8243; _builder_version=&#8221;4.16&#8243; global_colors_info=&#8221;{}&#8221;][et_pb_image src=&#8221;https:\/\/theseapeople.org\/wp-content\/uploads\/2020\/08\/Ocean-Climate-Platform.png&#8221; align_tablet=&#8221;center&#8221; align_phone=&#8221;&#8221; align_last_edited=&#8221;on|tablet&#8221; _builder_version=&#8221;4.16&#8243; global_colors_info=&#8221;{}&#8221;][\/et_pb_image][\/et_pb_column][et_pb_column type=&#8221;1_2&#8243; _builder_version=&#8221;4.16&#8243; global_colors_info=&#8221;{}&#8221;][et_pb_text _builder_version=&#8221;4.16&#8243; text_font=&#8221;Open Sans||||||||&#8221; text_text_color=&#8221;#666666&#8243; text_font_size=&#8221;16px&#8221; text_line_height=&#8221;1.8em&#8221; header_2_font=&#8221;Lora|700|||||||&#8221; header_2_font_size=&#8221;28px&#8221; custom_margin=&#8221;||55px||false|false&#8221; global_colors_info=&#8221;{}&#8221;]<\/p>\n<div class=\"text_exposed_show\">\n<h2>Policy Recommendations<br \/> A Healthy Ocean, A Protected Climate<\/h2>\n<p><a href=\"http:\/\/bit.ly\/39wso5H\">A Healthy Ocean, A Protected Climate (English)<\/a><br \/> <a href=\"http:\/\/bit.ly\/2Fhp9kE\"><span>Un Oc\u00e9an Sain un Climat Prot\u00e9g\u00e9 (French)<\/span><\/a><\/p>\n<p>Our partners and supporters, the Ocean and Climate Platform presents its 2019 Policy recommendations, the result of the experiences and commitments of the members of its network and strong of 20 recommendations.<\/p>\n<p>This policy document not only aims at promoting an understanding of the major challenges the global ocean, and therefore our planet, are facing.\u00a0 It also proposes concrete solutions and measures, based on the latest available\u00a0<span class=\"text_exposed_show\">science.<\/span><\/p>\n<div class=\"text_exposed_show\">\n<p>Since the 2019-2030 international agenda marks the beginning of a new commitment to preserve the ocean, its biodiversity and the climate, the Platform presents these policy recommendations to ensure that all ocean priorities are at the heart of decision-making at all scales and identify where efforts have to be made: adaptation, science and sustainable finance.<\/p>\n<p>The SEA People \/ Orange Laut are proud to be members of The Ocean Climate Platform, and contribute to the creation of these recommendations and the Platform&#8217;s mission in striving for\u00a0\u00a0<span>healthy oceans and a protected climate.<\/span><\/p>\n<\/div>\n<\/div>\n<p>[\/et_pb_text][\/et_pb_column][\/et_pb_row][et_pb_row column_structure=&#8221;1_2,1_2&#8243; _builder_version=&#8221;4.16&#8243; custom_margin_tablet=&#8221;-117px||||false|false&#8221; custom_margin_phone=&#8221;&#8221; custom_margin_last_edited=&#8221;on|tablet&#8221; custom_padding=&#8221;||0px||false|false&#8221; global_colors_info=&#8221;{}&#8221;][et_pb_column type=&#8221;1_2&#8243; _builder_version=&#8221;4.16&#8243; global_colors_info=&#8221;{}&#8221;][et_pb_image src=&#8221;http:\/\/theseapeople.org\/wp-content\/uploads\/2020\/01\/French-Radio.jpg&#8221; align_tablet=&#8221;center&#8221; align_phone=&#8221;&#8221; align_last_edited=&#8221;on|tablet&#8221; _builder_version=&#8221;4.16&#8243; custom_margin=&#8221;47px||||false|false&#8221; global_colors_info=&#8221;{}&#8221;][\/et_pb_image][\/et_pb_column][et_pb_column type=&#8221;1_2&#8243; _builder_version=&#8221;4.16&#8243; global_colors_info=&#8221;{}&#8221;][et_pb_text _builder_version=&#8221;4.16&#8243; text_font=&#8221;Open Sans||||||||&#8221; text_text_color=&#8221;#666666&#8243; text_font_size=&#8221;16px&#8221; text_line_height=&#8221;1.8em&#8221; header_2_font=&#8221;Lora|700|||||||&#8221; header_2_font_size=&#8221;28px&#8221; custom_margin=&#8221;15px||||false|false&#8221; global_colors_info=&#8221;{}&#8221;]<\/p>\n<div class=\"text_exposed_show\">\n<h2><span>The #1 Radio Station of Sophia Antipolis-Valbonne <\/span><\/h2>\n<p class=\"p1\"><span class=\"s1\"><a href=\"https:\/\/almaclindoeilfm.org\/content\/emission-sp%C3%A9ciale-avec-lassociation-sea-people\"><br \/> Click Here For Interview<\/a><\/span><\/p>\n<p>On air with Clin d&#8217;oeil in the South of France; telling the story of The SEA People \/ Orang Laut in an interview with Co-Founder Arnaud Brival<\/p>\n<p class=\"p1\"><span class=\"s1\"><\/span><\/p>\n<\/div>\n<p>[\/et_pb_text][\/et_pb_column][\/et_pb_row][\/et_pb_section][et_pb_section fb_built=&#8221;1&#8243; admin_label=&#8221;COTS in Raja Ampat Section&#8221; _builder_version=&#8221;4.16&#8243; custom_margin=&#8221;63px||||false|false&#8221; custom_padding=&#8221;||30px||false|false&#8221; da_disable_devices=&#8221;off|off|off&#8221; global_colors_info=&#8221;{}&#8221; da_is_popup=&#8221;off&#8221; da_exit_intent=&#8221;off&#8221; da_has_close=&#8221;on&#8221; da_alt_close=&#8221;off&#8221; da_dark_close=&#8221;off&#8221; da_not_modal=&#8221;on&#8221; da_is_singular=&#8221;off&#8221; da_with_loader=&#8221;off&#8221; da_has_shadow=&#8221;on&#8221;][et_pb_row _builder_version=&#8221;4.16&#8243; custom_margin_tablet=&#8221;-117px||||false|false&#8221; custom_margin_phone=&#8221;&#8221; custom_margin_last_edited=&#8221;on|tablet&#8221; custom_padding=&#8221;||0px||false|false&#8221; global_colors_info=&#8221;{}&#8221;][et_pb_column type=&#8221;4_4&#8243; _builder_version=&#8221;4.16&#8243; global_colors_info=&#8221;{}&#8221;][et_pb_text _builder_version=&#8221;4.16&#8243; text_font_size=&#8221;11px&#8221; text_line_height=&#8221;1.5em&#8221; custom_margin=&#8221;75px||||false|false&#8221; text_font_size_tablet=&#8221;&#8221; text_font_size_phone=&#8221;6px&#8221; text_font_size_last_edited=&#8221;on|desktop&#8221; global_colors_info=&#8221;{}&#8221;]<\/p>\n<p>Copyright \u00a9 The SEA People 2016-2023.\u00a0 All rights reserved.\u00a0<strong> Yayasan Orang Laut Papua<\/strong> is a registered NGO under the Ministry of Law and Human Rights Republic of Indonesia.\u00a0Number AHU-0016408. Year 2019.\u00a0<b>The SEA People\u00a0<\/b><span>is a registered Charitable Association under the\u00a0Gouvernement de la R\u00e9publique in France (Numero Identification Siren 853074300) and serves\u00a0as an administrative and fundrasing base for supporting the fieldwork of Yaysan Orang Laut Papua.\u00a0\u00a0<a href=\"http:\/\/theseapeople.org\/privacy-policy\/\">Privacy Policy\u00a0\u00a0\u00a0<\/a><a href=\"http:\/\/theseapeople.org\/terms-conditions\/\">Terms &amp; Conditions<\/a><\/span><\/p>\n<p><span><\/span><\/p>\n<p>[\/et_pb_text][\/et_pb_column][\/et_pb_row][\/et_pb_section][et_pb_section fb_built=&#8221;1&#8243; fullwidth=&#8221;on&#8221; admin_label=&#8221;Fullwidth Coral Footer Section&#8221; _builder_version=&#8221;4.0.7&#8243; custom_margin=&#8221;97px||||false|false&#8221; da_disable_devices=&#8221;off|off|off&#8221; global_module=&#8221;6106&#8243; saved_tabs=&#8221;all&#8221; global_colors_info=&#8221;{}&#8221; da_is_popup=&#8221;off&#8221; da_exit_intent=&#8221;off&#8221; da_has_close=&#8221;on&#8221; da_alt_close=&#8221;off&#8221; da_dark_close=&#8221;off&#8221; da_not_modal=&#8221;on&#8221; da_is_singular=&#8221;off&#8221; da_with_loader=&#8221;off&#8221; da_has_shadow=&#8221;on&#8221;][et_pb_fullwidth_image src=&#8221;https:\/\/theseapeople.org\/wp-content\/uploads\/2023\/03\/Raja-Ampat-Healthy-Coral-Reef-Footer-Copyright-Desktop-2023.jpg&#8221; alt=&#8221;Copyright The SEA People 206-2023. All rights reserved.&#8221; title_text=&#8221;Raja Ampat Healthy Coral Reef Footer Copyright Desktop 2023&#8243; admin_label=&#8221;Fullwidth Coral Footer&#8221; _builder_version=&#8221;4.19.5&#8243; custom_margin=&#8221;||0px|0px|false|false&#8221; global_colors_info=&#8221;{}&#8221;][\/et_pb_fullwidth_image][\/et_pb_section]<\/p>\n","protected":false},"excerpt":{"rendered":"<p>The SEA People in the Media SEA Today Morning Show (Indonesia):\u00a0 Arno and Tom discuss Yaf Keru. March 23, 2022. Yayasan Orang Laut Papua was featured on SEA Today &#8211; an Indonesian news television channel targeting Southeast Asian and international audience. Tom and Arno talk about Raja Ampat and our Yaf Keru reef restoration project, [&hellip;]<\/p>\n","protected":false},"author":4,"featured_media":0,"parent":0,"menu_order":0,"comment_status":"closed","ping_status":"closed","template":"","meta":{"_et_pb_use_builder":"on","_et_pb_old_content":"","_et_gb_content_width":"","footnotes":""},"class_list":["post-6148","page","type-page","status-publish","hentry"],"yoast_head":"<!-- This site is optimized with the Yoast SEO plugin v27.1.1 - https:\/\/yoast.com\/product\/yoast-seo-wordpress\/ -->\n<title>In The Media - The SEA People<\/title>\n<meta name=\"description\" content=\"Coverage of our work in community based marine conservation in Raja Ampat, in the local and international media\" \/>\n<meta name=\"robots\" content=\"index, follow, max-snippet:-1, max-image-preview:large, max-video-preview:-1\" \/>\n<link rel=\"canonical\" href=\"https:\/\/theseapeople.org\/media\/\" \/>\n<meta property=\"og:locale\" content=\"en_US\" \/>\n<meta property=\"og:type\" content=\"article\" \/>\n<meta property=\"og:title\" content=\"In The Media - The SEA People\" \/>\n<meta property=\"og:description\" content=\"Coverage of our work in community based marine conservation in Raja Ampat, in the local and international media\" \/>\n<meta property=\"og:url\" content=\"https:\/\/theseapeople.org\/media\/\" \/>\n<meta property=\"og:site_name\" content=\"The SEA People\" \/>\n<meta property=\"article:publisher\" content=\"https:\/\/www.facebook.com\/theseapeopleoranglaut\/\" \/>\n<meta property=\"article:modified_time\" content=\"2023-03-04T12:10:17+00:00\" \/>\n<meta property=\"og:image\" content=\"https:\/\/theseapeople.org\/wp-content\/uploads\/2020\/07\/TheSEAPeD29aR09aP01ZL-Grant9-preview-pane-5.jpg\" \/>\n\t<meta property=\"og:image:width\" content=\"275\" \/>\n\t<meta property=\"og:image:height\" content=\"257\" \/>\n\t<meta property=\"og:image:type\" content=\"image\/jpeg\" \/>\n<meta name=\"twitter:card\" content=\"summary_large_image\" \/>\n<meta name=\"twitter:label1\" content=\"Est. reading time\" \/>\n\t<meta name=\"twitter:data1\" content=\"19 minutes\" \/>\n<script type=\"application\/ld+json\" class=\"yoast-schema-graph\">{\"@context\":\"https:\/\/schema.org\",\"@graph\":[{\"@type\":\"WebPage\",\"@id\":\"https:\/\/theseapeople.org\/media\/\",\"url\":\"https:\/\/theseapeople.org\/media\/\",\"name\":\"In The Media - The SEA People\",\"isPartOf\":{\"@id\":\"https:\/\/theseapeople.org\/#website\"},\"datePublished\":\"2020-01-02T12:04:29+00:00\",\"dateModified\":\"2023-03-04T12:10:17+00:00\",\"description\":\"Coverage of our work in community based marine conservation in Raja Ampat, in the local and international media\",\"breadcrumb\":{\"@id\":\"https:\/\/theseapeople.org\/media\/#breadcrumb\"},\"inLanguage\":\"en-US\",\"potentialAction\":[{\"@type\":\"ReadAction\",\"target\":[\"https:\/\/theseapeople.org\/media\/\"]}]},{\"@type\":\"BreadcrumbList\",\"@id\":\"https:\/\/theseapeople.org\/media\/#breadcrumb\",\"itemListElement\":[{\"@type\":\"ListItem\",\"position\":1,\"name\":\"Home\",\"item\":\"https:\/\/theseapeople.org\/\"},{\"@type\":\"ListItem\",\"position\":2,\"name\":\"In The Media\"}]},{\"@type\":\"WebSite\",\"@id\":\"https:\/\/theseapeople.org\/#website\",\"url\":\"https:\/\/theseapeople.org\/\",\"name\":\"The SEA People\",\"description\":\"Community based conservation in Raja Ampat through Science Education &amp; Awareness\",\"publisher\":{\"@id\":\"https:\/\/theseapeople.org\/#organization\"},\"potentialAction\":[{\"@type\":\"SearchAction\",\"target\":{\"@type\":\"EntryPoint\",\"urlTemplate\":\"https:\/\/theseapeople.org\/?s={search_term_string}\"},\"query-input\":{\"@type\":\"PropertyValueSpecification\",\"valueRequired\":true,\"valueName\":\"search_term_string\"}}],\"inLanguage\":\"en-US\"},{\"@type\":\"Organization\",\"@id\":\"https:\/\/theseapeople.org\/#organization\",\"name\":\"The SEA People\",\"url\":\"https:\/\/theseapeople.org\/\",\"logo\":{\"@type\":\"ImageObject\",\"inLanguage\":\"en-US\",\"@id\":\"https:\/\/theseapeople.org\/#\/schema\/logo\/image\/\",\"url\":\"https:\/\/theseapeople.org\/wp-content\/uploads\/2020\/01\/The-SEA-People-Logo-Large.png\",\"contentUrl\":\"https:\/\/theseapeople.org\/wp-content\/uploads\/2020\/01\/The-SEA-People-Logo-Large.png\",\"width\":1484,\"height\":945,\"caption\":\"The SEA People\"},\"image\":{\"@id\":\"https:\/\/theseapeople.org\/#\/schema\/logo\/image\/\"},\"sameAs\":[\"https:\/\/www.facebook.com\/theseapeopleoranglaut\/\",\"https:\/\/www.youtube.com\/channel\/UCHyetcTTmp_gEiz0poyOdMw\"]}]}<\/script>\n<!-- \/ Yoast SEO plugin. -->","yoast_head_json":{"title":"In The Media - The SEA People","description":"Coverage of our work in community based marine conservation in Raja Ampat, in the local and international media","robots":{"index":"index","follow":"follow","max-snippet":"max-snippet:-1","max-image-preview":"max-image-preview:large","max-video-preview":"max-video-preview:-1"},"canonical":"https:\/\/theseapeople.org\/media\/","og_locale":"en_US","og_type":"article","og_title":"In The Media - The SEA People","og_description":"Coverage of our work in community based marine conservation in Raja Ampat, in the local and international media","og_url":"https:\/\/theseapeople.org\/media\/","og_site_name":"The SEA People","article_publisher":"https:\/\/www.facebook.com\/theseapeopleoranglaut\/","article_modified_time":"2023-03-04T12:10:17+00:00","og_image":[{"width":275,"height":257,"url":"https:\/\/theseapeople.org\/wp-content\/uploads\/2020\/07\/TheSEAPeD29aR09aP01ZL-Grant9-preview-pane-5.jpg","type":"image\/jpeg"}],"twitter_card":"summary_large_image","twitter_misc":{"Est. reading time":"19 minutes"},"schema":{"@context":"https:\/\/schema.org","@graph":[{"@type":"WebPage","@id":"https:\/\/theseapeople.org\/media\/","url":"https:\/\/theseapeople.org\/media\/","name":"In The Media - The SEA People","isPartOf":{"@id":"https:\/\/theseapeople.org\/#website"},"datePublished":"2020-01-02T12:04:29+00:00","dateModified":"2023-03-04T12:10:17+00:00","description":"Coverage of our work in community based marine conservation in Raja Ampat, in the local and international media","breadcrumb":{"@id":"https:\/\/theseapeople.org\/media\/#breadcrumb"},"inLanguage":"en-US","potentialAction":[{"@type":"ReadAction","target":["https:\/\/theseapeople.org\/media\/"]}]},{"@type":"BreadcrumbList","@id":"https:\/\/theseapeople.org\/media\/#breadcrumb","itemListElement":[{"@type":"ListItem","position":1,"name":"Home","item":"https:\/\/theseapeople.org\/"},{"@type":"ListItem","position":2,"name":"In The Media"}]},{"@type":"WebSite","@id":"https:\/\/theseapeople.org\/#website","url":"https:\/\/theseapeople.org\/","name":"The SEA People","description":"Community based conservation in Raja Ampat through Science Education &amp; Awareness","publisher":{"@id":"https:\/\/theseapeople.org\/#organization"},"potentialAction":[{"@type":"SearchAction","target":{"@type":"EntryPoint","urlTemplate":"https:\/\/theseapeople.org\/?s={search_term_string}"},"query-input":{"@type":"PropertyValueSpecification","valueRequired":true,"valueName":"search_term_string"}}],"inLanguage":"en-US"},{"@type":"Organization","@id":"https:\/\/theseapeople.org\/#organization","name":"The SEA People","url":"https:\/\/theseapeople.org\/","logo":{"@type":"ImageObject","inLanguage":"en-US","@id":"https:\/\/theseapeople.org\/#\/schema\/logo\/image\/","url":"https:\/\/theseapeople.org\/wp-content\/uploads\/2020\/01\/The-SEA-People-Logo-Large.png","contentUrl":"https:\/\/theseapeople.org\/wp-content\/uploads\/2020\/01\/The-SEA-People-Logo-Large.png","width":1484,"height":945,"caption":"The SEA People"},"image":{"@id":"https:\/\/theseapeople.org\/#\/schema\/logo\/image\/"},"sameAs":["https:\/\/www.facebook.com\/theseapeopleoranglaut\/","https:\/\/www.youtube.com\/channel\/UCHyetcTTmp_gEiz0poyOdMw"]}]}},"_links":{"self":[{"href":"https:\/\/theseapeople.org\/wp-json\/wp\/v2\/pages\/6148","targetHints":{"allow":["GET"]}}],"collection":[{"href":"https:\/\/theseapeople.org\/wp-json\/wp\/v2\/pages"}],"about":[{"href":"https:\/\/theseapeople.org\/wp-json\/wp\/v2\/types\/page"}],"author":[{"embeddable":true,"href":"https:\/\/theseapeople.org\/wp-json\/wp\/v2\/users\/4"}],"replies":[{"embeddable":true,"href":"https:\/\/theseapeople.org\/wp-json\/wp\/v2\/comments?post=6148"}],"version-history":[{"count":53,"href":"https:\/\/theseapeople.org\/wp-json\/wp\/v2\/pages\/6148\/revisions"}],"predecessor-version":[{"id":11797,"href":"https:\/\/theseapeople.org\/wp-json\/wp\/v2\/pages\/6148\/revisions\/11797"}],"wp:attachment":[{"href":"https:\/\/theseapeople.org\/wp-json\/wp\/v2\/media?parent=6148"}],"curies":[{"name":"wp","href":"https:\/\/api.w.org\/{rel}","templated":true}]}}